{"id":2644,"date":"2021-09-30T14:07:27","date_gmt":"2021-09-30T12:07:27","guid":{"rendered":"https:\/\/gruendungsfabrik-rheingau.de\/?post_type=tribe_events&#038;p=2644"},"modified":"2021-11-03T17:49:42","modified_gmt":"2021-11-03T16:49:42","slug":"founder-workshop-von-der-idee-bis-zum-businessplan-herbst-2021","status":"publish","type":"tribe_events","link":"https:\/\/gruendungsfabrik-rheingau.de\/en\/kalender\/founder-workshop-von-der-idee-bis-zum-businessplan-herbst-2021\/","title":{"rendered":"Founder-Workshop: von der Idee bis zum Businessplan (en)"},"content":{"rendered":"<p>An den drei folgenden Wochenendterminen:<\/p>\n<ul>\n<li><em>08., 09. und 10. Oktober<\/em><\/li>\n<li><em>22., 23. und 24. November und<br \/>\n<\/em><\/li>\n<li>12.,13., und 14. November<\/li>\n<\/ul>\n<p>arbeiten wir zusammen mit modernsten Trainingsmethoden und Experten, um Euch dabei zu unterst\u00fctzen, Eure Idee mit einem validierten Gesch\u00e4ftsmodell in die Realit\u00e4t umzusetzen.<\/p>\n<p>In dem ersten Modul hadelt es sich darum, wie Du Deine Vision in die Realit\u00e4t umsetzt. In dem zweiten Modul geht\u00b4s weiter. Du arbeitest mit Zahlen und erstellst einen Umsetzungsplan. Bei dem letzten Modul lernst Du, wie Du Deine Zuh\u00f6rer*innen und Zuschauer*innen inspirierst.<\/p>\n<p>Nach allen drei Modulen hast Du die M\u00f6glichkeit, vor einer professionellen Jury aus bestehend aus Bankern, Business Angels, Vertretern der IHK und erfolgreichen Unternehmern zu pitchen.<\/p>\n<p>Der Workshop ist f\u00fcr Studierende, Alumni und Mitarbeiternde der Hochschule Geisenheim und der EBS Universit\u00e4t f\u00fcr Wirtschaft und Recht kostenfrei. Jedoch gibt Materialgeb\u00fchr die in H\u00f6he von 35\u20ac pro Teilnehmer*in.<\/p>\n<p>Da die Pl\u00e4tze begrenzt sind und wir au\u00dferdem sicherstellen wollen, dass es das richtige Programm f\u00fcr Deinen derzeitigen &#8220;Ideenstatus&#8221; ist, freuen wir uns auf ein digitales Interview, um Deine Motivation und Dein\u00a0 Engagement einzusch\u00e4tzen. In diesem Interview-Pitch m\u00f6chten wir die folgenden Fragen beantwortet haben:<\/p>\n<ul>\n<li>Was ist Eure Gesch\u00e4ftsidee?<\/li>\n<li>Warum seid Ihr Euer eigener bester Kunde?<\/li>\n<li>Warum m\u00f6chtet Ihr an diesem Workshop teilnehmen?<\/li>\n<\/ul>\n<p><strong>zur Anmeldung:<\/strong><\/p>\n<ol>\n<li>Ausf\u00fcllen des Anmeldeformulars unten.<\/li>\n<li>Buchung Deines digitales Interviews unter: <a href=\"https:\/\/calendly.com\/alexandra-gruendungsfabrik\/consulting_awt?month=2021-08\">https:\/\/calendly.com\/alexandra-gruendungsfabrik\/consulting_awt?month=2021-08<\/a><\/li>\n<\/ol>\n<p>Founder Workshop Gr\u00fcndungsfabrik Rheingau<\/p>\n<figure id=\"attachment_2403\" aria-describedby=\"caption-attachment-2403\" style=\"width: 408px\" class=\"wp-caption alignnone\"><a href=\"http:\/\/gruendungsfabrik-rheingau.de\/wp-content\/uploads\/2021\/07\/Founder-Workshop-Herbst-2021-2.png\"><img fetchpriority=\"high\" decoding=\"async\" class=\"wp-image-2745\" src=\"http:\/\/gruendungsfabrik-rheingau.de\/wp-content\/uploads\/2021\/07\/Founder-Workshop-Herbst-2021-2-724x1024.png\" alt=\"\" width=\"408\" height=\"577\" srcset=\"https:\/\/gruendungsfabrik-rheingau.de\/wp-content\/uploads\/2021\/07\/Founder-Workshop-Herbst-2021-2-724x1024.png 724w, https:\/\/gruendungsfabrik-rheingau.de\/wp-content\/uploads\/2021\/07\/Founder-Workshop-Herbst-2021-2-212x300.png 212w, https:\/\/gruendungsfabrik-rheingau.de\/wp-content\/uploads\/2021\/07\/Founder-Workshop-Herbst-2021-2-768x1086.png 768w, https:\/\/gruendungsfabrik-rheingau.de\/wp-content\/uploads\/2021\/07\/Founder-Workshop-Herbst-2021-2-1086x1536.png 1086w, https:\/\/gruendungsfabrik-rheingau.de\/wp-content\/uploads\/2021\/07\/Founder-Workshop-Herbst-2021-2.png 1414w\" sizes=\"(max-width: 408px) 100vw, 408px\" \/><\/a><figcaption id=\"caption-attachment-2403\" class=\"wp-caption-text\">Founder Workshop Gr\u00fcndungsfabrik Rheingau<\/figcaption><\/figure>\n","protected":false},"excerpt":{"rendered":"<p>An den drei folgenden Wochenendterminen: 08., 09. und 10. Oktober 22., 23. und 24. November und 12.,13., und 14. November arbeiten wir zusammen mit modernsten Trainingsmethoden und Experten, um Euch [&hellip;]<\/p>\n","protected":false},"author":1,"featured_media":2745,"template":"","meta":{"_acf_changed":false,"_tribe_events_status":"","_tribe_events_status_reason":"","_tribe_events_is_hybrid":"","_tribe_events_is_virtual":"","_tribe_events_virtual_video_source":"","_tribe_events_virtual_embed_video":"","_tribe_events_virtual_linked_button_text":"","_tribe_events_virtual_linked_button":"","_tribe_events_virtual_show_embed_at":"","_tribe_events_virtual_show_embed_to":[],"_tribe_events_virtual_show_on_event":"","_tribe_events_virtual_show_on_views":"","_tribe_events_virtual_url":"","footnotes":""},"tags":[],"tribe_events_cat":[],"class_list":["post-2644","tribe_events","type-tribe_events","status-publish","has-post-thumbnail","hentry"],"acf":[],"_links":{"self":[{"href":"https:\/\/gruendungsfabrik-rheingau.de\/en\/wp-json\/wp\/v2\/tribe_events\/2644","targetHints":{"allow":["GET"]}}],"collection":[{"href":"https:\/\/gruendungsfabrik-rheingau.de\/en\/wp-json\/wp\/v2\/tribe_events"}],"about":[{"href":"https:\/\/gruendungsfabrik-rheingau.de\/en\/wp-json\/wp\/v2\/types\/tribe_events"}],"author":[{"embeddable":true,"href":"https:\/\/gruendungsfabrik-rheingau.de\/en\/wp-json\/wp\/v2\/users\/1"}],"version-history":[{"count":5,"href":"https:\/\/gruendungsfabrik-rheingau.de\/en\/wp-json\/wp\/v2\/tribe_events\/2644\/revisions"}],"predecessor-version":[{"id":3477,"href":"https:\/\/gruendungsfabrik-rheingau.de\/en\/wp-json\/wp\/v2\/tribe_events\/2644\/revisions\/3477"}],"wp:featuredmedia":[{"embeddable":true,"href":"https:\/\/gruendungsfabrik-rheingau.de\/en\/wp-json\/wp\/v2\/media\/2745"}],"wp:attachment":[{"href":"https:\/\/gruendungsfabrik-rheingau.de\/en\/wp-json\/wp\/v2\/media?parent=2644"}],"wp:term":[{"taxonomy":"post_tag","embeddable":true,"href":"https:\/\/gruendungsfabrik-rheingau.de\/en\/wp-json\/wp\/v2\/tags?post=2644"},{"taxonomy":"tribe_events_cat","embeddable":true,"href":"https:\/\/gruendungsfabrik-rheingau.de\/en\/wp-json\/wp\/v2\/tribe_events_cat?post=2644"}],"curies":[{"name":"wp","href":"https:\/\/api.w.org\/{rel}","templated":true}]}}